{"id":298,"date":"2025-08-13T22:19:56","date_gmt":"2025-08-13T22:19:56","guid":{"rendered":"https:\/\/reentramadosparalavida.org\/?page_id=298"},"modified":"2025-08-14T21:59:26","modified_gmt":"2025-08-14T21:59:26","slug":"materiales-para-compartir","status":"publish","type":"page","link":"https:\/\/reentramadosparalavida.org\/index.php\/materiales-para-compartir\/","title":{"rendered":"Materiales para compartir"},"content":{"rendered":"\n<div class=\"wp-block-cover alignfull has-parallax\"><div class=\"wp-block-cover__image-background wp-image-299 has-parallax\" style=\"background-position:50% 50%;background-image:url(https:\/\/reentramadosparalavida.org\/wp-content\/uploads\/2025\/08\/IMG_0364-1024x683.jpg)\"><\/div><span aria-hidden=\"true\" class=\"wp-block-cover__background has-background-dim-30 has-background-dim\"><\/span><div class=\"wp-block-cover__inner-container is-layout-flow wp-block-cover-is-layout-flow\">\n<p class=\"has-text-align-center wp-block-paragraph\" style=\"font-size:48px\"><strong>MATERIALES PARA COMPARTIR<\/strong><\/p>\n<\/div><\/div>\n\n\n\n<div style=\"height:50px\" aria-hidden=\"true\" class=\"wp-block-spacer\"><\/div>\n\n\n\n<p class=\"has-text-color has-link-color has-large-font-size wp-elements-1 wp-block-paragraph\" style=\"color:#c97714\"><strong>ESCRITOS<\/strong><\/p>\n\n\n\n<p class=\"has-medium-font-size wp-block-paragraph\"><strong>TERRITORIOS PALMIFICADOS AL SERVICIO DEL AGRONEGOCIO EN EL SURESTE MEXICANO<\/strong>. Cuadernillos para la Defensa y el Cuidado Terrirorial<\/p>\n\n\n\n<p class=\"wp-block-paragraph\"><\/p>\n\n\n\n<div data-wp-interactive=\"core\/file\" class=\"wp-block-file\"><object data-wp-bind--hidden=\"!state.hasPdfPreview\" hidden class=\"wp-block-file__embed\" data=\"https:\/\/reentramadosparalavida.org\/wp-content\/uploads\/2025\/08\/Territorios-Palmificados_Reentramados-para-la-vida.pdf\" type=\"application\/pdf\" style=\"width:100%;height:600px\" aria-label=\"Incrustado de Territorios Palmificados_Reentramados para la vida.\"><\/object><a id=\"wp-block-file--media-5e66ffea-f7f1-416a-9a97-cf5b789ad7a8\" href=\"https:\/\/reentramadosparalavida.org\/wp-content\/uploads\/2025\/08\/Territorios-Palmificados_Reentramados-para-la-vida.pdf\">Territorios Palmificados_Reentramados para la vida<\/a><a href=\"https:\/\/reentramadosparalavida.org\/wp-content\/uploads\/2025\/08\/Territorios-Palmificados_Reentramados-para-la-vida.pdf\" class=\"wp-block-file__button wp-element-button\" download aria-describedby=\"wp-block-file--media-5e66ffea-f7f1-416a-9a97-cf5b789ad7a8\">Descarga<\/a><\/div>\n\n\n\n<hr class=\"wp-block-separator has-alpha-channel-opacity\"\/>\n\n\n\n<p class=\"has-text-color has-link-color has-large-font-size wp-elements-2 wp-block-paragraph\" style=\"color:#c97714\"><strong>VIDEOS<\/strong><\/p>\n\n\n\n<ul class=\"wp-block-list\">\n<li class=\"has-medium-font-size\"><strong>Taller de cuidado colectivo y autocuidado 8M &#8211; 2025 (1\/3).<\/strong><\/li>\n<\/ul>\n\n\n\n<p class=\"has-regular-font-size wp-block-paragraph\">En este testimonio, Elizabeth, comparte su vivencia y aprendizajes tras participar en el Taller de Cuidado Colectivo y Autocuidado realizado en el marco del 8 de marzo, D\u00eda Internacional de las Mujeres. Este video es el primero de una serie de tres testimonios que recogen experiencias de mujeres que tejen redes de resistencia y solidaridad, hermanando sus luchas con las de compa\u00f1eras y compa\u00f1eros toda Mesoam\u00e9rica.<\/p>\n\n\n\n<div style=\"position:relative;padding-bottom:56.25%;height:0;overflow:hidden;max-width:100%;background:#000;\">\n  <iframe \n    src=\"https:\/\/www.youtube-nocookie.com\/embed\/Ar86AW4qH88?start=2&#038;rel=0&#038;modestbranding=1&#038;autohide=1\" \n    title=\"YouTube video player\" \n    frameborder=\"0\" \n    allow=\"accelerometer; autoplay; clipboard-write; encrypted-media; gyroscope; picture-in-picture; web-share\" \n    allowfullscreen \n    loading=\"lazy\" \n    style=\"position:absolute;top:0;left:0;width:100%;height:100%;\">\n  <\/iframe>\n<\/div>\n\n\n\n<div style=\"height:50px\" aria-hidden=\"true\" class=\"wp-block-spacer\"><\/div>\n\n\n\n<ul class=\"wp-block-list\">\n<li class=\"has-medium-font-size\"><strong>Taller de cuidado colectivo y autocuidado 8M &#8211; 2025 (2\/3).<\/strong><\/li>\n<\/ul>\n\n\n\n<p class=\"has-regular-font-size wp-block-paragraph\">En este testimonio, Ney, compa\u00f1era de la colectiva Reentramados para la Vida, comparte su vivencia y aprendizajes tras participar en el Taller de Cuidado Colectivo y Autocuidado, realizado en el marco del 8 de marzo, D\u00eda Internacional de las Mujeres. Este video es el segundo de una serie de tres testimonios que recogen experiencias de mujeres que tejen redes de resistencia y solidaridad, hermanando sus luchas con las de compa\u00f1eras y compa\u00f1eros de todo el continente.<\/p>\n\n\n\n<div style=\"position:relative;padding-bottom:56.25%;height:0;overflow:hidden;max-width:100%;background:#000;\">\n  <iframe \n    src=\"https:\/\/www.youtube-nocookie.com\/embed\/5TPd-0ITtPY?start=16&#038;rel=0&#038;modestbranding=1&#038;autohide=1\" \n    title=\"YouTube video player\" \n    frameborder=\"0\" \n    allow=\"accelerometer; autoplay; clipboard-write; encrypted-media; gyroscope; picture-in-picture; web-share\" \n    allowfullscreen \n    loading=\"lazy\" \n    style=\"position:absolute;top:0;left:0;width:100%;height:100%;\">\n  <\/iframe>\n<\/div>\n\n\n\n<div style=\"height:50px\" aria-hidden=\"true\" class=\"wp-block-spacer\"><\/div>\n\n\n\n<ul class=\"wp-block-list\">\n<li class=\"has-medium-font-size\"><strong>Taller de cuidado colectivo y autocuidado 8M &#8211; 2025 (3\/3).<\/strong><\/li>\n<\/ul>\n\n\n\n<p class=\"has-regular-font-size wp-block-paragraph\">En este \u00faltimo video de la serie, Wendy comparte su voz, historia y reflexiones tras vivir la experiencia del Taller de Cuidado Colectivo y Autocuidado en el marco del 8 de marzo. Su relato nos invita a reconocer la fuerza que surge cuando las mujeres defensoras se cuidan entre s\u00ed, fortaleciendo la resistencia comunitaria y reafirmando el derecho a vivir y habitar los territorios con dignidad. <\/p>\n\n\n\n<div style=\"position:relative;padding-bottom:56.25%;height:0;overflow:hidden;max-width:100%;background:#000;\">\n  <iframe \n    src=\"https:\/\/www.youtube-nocookie.com\/embed\/SgByHJkTWcY?rel=0&#038;modestbranding=1&#038;autohide=1\" \n    title=\"YouTube video player\" \n    frameborder=\"0\" \n    allow=\"accelerometer; autoplay; clipboard-write; encrypted-media; gyroscope; picture-in-picture; web-share\" \n    allowfullscreen \n    loading=\"lazy\" \n    style=\"position:absolute;top:0;left:0;width:100%;height:100%;\">\n  <\/iframe>\n<\/div>\n\n\n\n<p class=\"wp-block-paragraph\"><\/p>\n\n\n\n<p class=\"wp-block-paragraph\"><\/p>\n","protected":false},"excerpt":{"rendered":"<p>ESCRITOS TERRITORIOS PALMIFICADOS AL SERVICIO DEL AGRONEGOCIO EN EL SURESTE MEXICANO. Cuadernillos para la Defensa y el Cuidado Terrirorial VIDEOS En este testimonio, Elizabeth, comparte su vivencia y aprendizajes tras participar en el Taller de Cuidado Colectivo y Autocuidado realizado en el marco del 8 de marzo, D\u00eda Internacional de las Mujeres. Este video es &hellip;<\/p>\n","protected":false},"author":1,"featured_media":299,"parent":0,"menu_order":0,"comment_status":"closed","ping_status":"closed","template":"","meta":{"footnotes":""},"class_list":["post-298","page","type-page","status-publish","has-post-thumbnail","hentry"],"_links":{"self":[{"href":"https:\/\/reentramadosparalavida.org\/index.php\/wp-json\/wp\/v2\/pages\/298","targetHints":{"allow":["GET"]}}],"collection":[{"href":"https:\/\/reentramadosparalavida.org\/index.php\/wp-json\/wp\/v2\/pages"}],"about":[{"href":"https:\/\/reentramadosparalavida.org\/index.php\/wp-json\/wp\/v2\/types\/page"}],"author":[{"embeddable":true,"href":"https:\/\/reentramadosparalavida.org\/index.php\/wp-json\/wp\/v2\/users\/1"}],"replies":[{"embeddable":true,"href":"https:\/\/reentramadosparalavida.org\/index.php\/wp-json\/wp\/v2\/comments?post=298"}],"version-history":[{"count":9,"href":"https:\/\/reentramadosparalavida.org\/index.php\/wp-json\/wp\/v2\/pages\/298\/revisions"}],"predecessor-version":[{"id":405,"href":"https:\/\/reentramadosparalavida.org\/index.php\/wp-json\/wp\/v2\/pages\/298\/revisions\/405"}],"wp:featuredmedia":[{"embeddable":true,"href":"https:\/\/reentramadosparalavida.org\/index.php\/wp-json\/wp\/v2\/media\/299"}],"wp:attachment":[{"href":"https:\/\/reentramadosparalavida.org\/index.php\/wp-json\/wp\/v2\/media?parent=298"}],"curies":[{"name":"wp","href":"https:\/\/api.w.org\/{rel}","templated":true}]}}