{"id":35,"date":"2024-12-10T21:11:25","date_gmt":"2024-12-10T21:11:25","guid":{"rendered":"https:\/\/reentramadosparalavida.org\/?page_id=35"},"modified":"2025-08-14T02:10:33","modified_gmt":"2025-08-14T02:10:33","slug":"quienes-somos","status":"publish","type":"page","link":"https:\/\/reentramadosparalavida.org\/index.php\/quienes-somos\/","title":{"rendered":"\u00bfQuienes somos?"},"content":{"rendered":"\n<div class=\"wp-block-cover alignfull has-parallax\" style=\"min-height:350px;aspect-ratio:unset;\"><div class=\"wp-block-cover__image-background wp-image-136 has-parallax\" style=\"background-position:50% 50%;background-image:url(https:\/\/reentramadosparalavida.org\/wp-content\/uploads\/2024\/12\/IMG_0074-scaled-2.jpg)\"><\/div><span aria-hidden=\"true\" class=\"wp-block-cover__background has-black-background-color has-background-dim-30 has-background-dim\"><\/span><div class=\"wp-block-cover__inner-container is-layout-constrained wp-block-cover-is-layout-constrained\">\n<p class=\"has-text-align-center has-white-color has-text-color has-link-color wp-elements-1 wp-block-paragraph\" style=\"padding-top:0;padding-bottom:0;font-size:50px\"><strong>\u00bfQUIENES SOMOS?<\/strong><\/p>\n<\/div><\/div>\n\n\n\n<div style=\"height:50px\" aria-hidden=\"true\" class=\"wp-block-spacer\"><\/div>\n\n\n\n<p class=\"has-medium-font-size wp-block-paragraph\">Somos una colectiva de mujeres con <strong>m\u00e1s de 12 a\u00f1os de experiencia<\/strong> en trabajo comunitario, comprometidas con el fortalecimiento organizativo para la defensa y gesti\u00f3n de los territorios en el Sureste de M\u00e9xico y en zonas fronterizas con Centroam\u00e9rica. A trav\u00e9s de la metodolog\u00eda de la educaci\u00f3n popular ambiental y desde la perspectiva de los feminismos comunitarios, trabajamos para fortalecer los procesos pol\u00edtico-organizativos de los grupos con los que colaboramos, promoviendo la justicia social, la equidad de g\u00e9nero y la sostenibilidad ambiental en los territorios que habitamos y defendemos.<\/p>\n\n\n\n<p class=\"has-medium-font-size wp-block-paragraph\">Nuestra labor se centra en acompa\u00f1ar a mujeres ind\u00edgenas, campesinas, rurales y de la disidencia sexual, coloc\u00e1ndolas como protagonistas de los cambios y transformaciones socioambientales. Buscamos construir alternativas de vida que desaf\u00eden el sistema patriarcal y capitalista, creando grietas que permitan florecer nuevas formas de ser, estar y habitar el mundo con dignidad. Adem\u00e1s, hermanamos nuestras luchas con las de nuestras compa\u00f1eras y compa\u00f1eros de Guatemala y Honduras, tejiendo redes de resistencia y solidaridad que fortalezcan la defensa de los territorios y la autonom\u00eda de los pueblos.<\/p>\n\n\n\n<p class=\"has-medium-font-size wp-block-paragraph\"><\/p>\n\n\n\n<div class=\"alignnormal\"><div id=\"metaslider-id-367\" style=\"width: 100%;\" class=\"ml-slider-3-111-2 metaslider metaslider-flex metaslider-367 ml-slider has-dots-nav has-carousel-mode ms-theme-default-base\" role=\"region\" aria-label=\"quienes\" data-height=\"300\" data-width=\"400\">\n    <div id=\"metaslider_container_367\">\n        <div id=\"metaslider_367\">\n            <ul class='slides'>\n                <li style=\"display: none; width: 100%;\" class=\"slide-369 ms-image \" aria-roledescription=\"slide\" data-date=\"2025-08-14 01:58:59\" data-filename=\"IMG_0263-scaled-400x300.jpg\" data-slide-type=\"image\"><img loading=\"lazy\" decoding=\"async\" src=\"https:\/\/reentramadosparalavida.org\/wp-content\/uploads\/2025\/08\/IMG_0263-scaled-400x300.jpg\" height=\"300\" width=\"400\" alt=\"\" class=\"slider-367 slide-369 msDefaultImage\" title=\"IMG_0263\" \/><\/li>\n                <li style=\"display: none; width: 100%;\" class=\"slide-368 ms-image \" aria-roledescription=\"slide\" data-date=\"2025-08-14 01:58:59\" data-filename=\"IMG_0064-scaled-400x300.jpg\" data-slide-type=\"image\"><img loading=\"lazy\" decoding=\"async\" src=\"https:\/\/reentramadosparalavida.org\/wp-content\/uploads\/2025\/08\/IMG_0064-scaled-400x300.jpg\" height=\"300\" width=\"400\" alt=\"\" class=\"slider-367 slide-368 msDefaultImage\" title=\"IMG_0064\" \/><\/li>\n                <li style=\"display: none; width: 100%;\" class=\"slide-370 ms-image \" aria-roledescription=\"slide\" data-date=\"2025-08-14 01:58:59\" data-filename=\"IMG_8370-scaled-400x300.jpg\" data-slide-type=\"image\"><img loading=\"lazy\" decoding=\"async\" src=\"https:\/\/reentramadosparalavida.org\/wp-content\/uploads\/2025\/08\/IMG_8370-scaled-400x300.jpg\" height=\"300\" width=\"400\" alt=\"\" class=\"slider-367 slide-370 msDefaultImage\" title=\"IMG_8370\" \/><\/li>\n                <li style=\"display: none; width: 100%;\" class=\"slide-372 ms-image \" aria-roledescription=\"slide\" data-date=\"2025-08-14 01:58:59\" data-filename=\"Palma_Tapachula-08-400x300.jpg\" data-slide-type=\"image\"><img loading=\"lazy\" decoding=\"async\" src=\"https:\/\/reentramadosparalavida.org\/wp-content\/uploads\/2025\/08\/Palma_Tapachula-08-400x300.jpg\" height=\"300\" width=\"400\" alt=\"\" class=\"slider-367 slide-372 msDefaultImage\" title=\"Palma_Tapachula-08\" \/><\/li>\n                <li style=\"display: none; width: 100%;\" class=\"slide-371 ms-image \" aria-roledescription=\"slide\" data-date=\"2025-08-14 01:58:59\" data-filename=\"8M25Costa-4-scaled-400x300.jpg\" data-slide-type=\"image\"><img loading=\"lazy\" decoding=\"async\" src=\"https:\/\/reentramadosparalavida.org\/wp-content\/uploads\/2025\/08\/8M25Costa-4-scaled-400x300.jpg\" height=\"300\" width=\"400\" alt=\"\" class=\"slider-367 slide-371 msDefaultImage\" title=\"8M25Costa-4\" \/><\/li>\n            <\/ul>\n        <\/div>\n        \n    <\/div>\n<\/div><\/div>\n","protected":false},"excerpt":{"rendered":"<p>Somos una colectiva de mujeres con m\u00e1s de 12 a\u00f1os de experiencia en trabajo comunitario, comprometidas con el fortalecimiento organizativo para la defensa y gesti\u00f3n de los territorios en el Sureste de M\u00e9xico y en zonas fronterizas con Centroam\u00e9rica. A trav\u00e9s de la metodolog\u00eda de la educaci\u00f3n popular ambiental y desde la perspectiva de los &hellip;<\/p>\n","protected":false},"author":1,"featured_media":136,"parent":0,"menu_order":0,"comment_status":"closed","ping_status":"closed","template":"page-templates\/page-builder-with-container.php","meta":{"footnotes":""},"class_list":["post-35","page","type-page","status-publish","has-post-thumbnail","hentry"],"_links":{"self":[{"href":"https:\/\/reentramadosparalavida.org\/index.php\/wp-json\/wp\/v2\/pages\/35","targetHints":{"allow":["GET"]}}],"collection":[{"href":"https:\/\/reentramadosparalavida.org\/index.php\/wp-json\/wp\/v2\/pages"}],"about":[{"href":"https:\/\/reentramadosparalavida.org\/index.php\/wp-json\/wp\/v2\/types\/page"}],"author":[{"embeddable":true,"href":"https:\/\/reentramadosparalavida.org\/index.php\/wp-json\/wp\/v2\/users\/1"}],"replies":[{"embeddable":true,"href":"https:\/\/reentramadosparalavida.org\/index.php\/wp-json\/wp\/v2\/comments?post=35"}],"version-history":[{"count":5,"href":"https:\/\/reentramadosparalavida.org\/index.php\/wp-json\/wp\/v2\/pages\/35\/revisions"}],"predecessor-version":[{"id":379,"href":"https:\/\/reentramadosparalavida.org\/index.php\/wp-json\/wp\/v2\/pages\/35\/revisions\/379"}],"wp:featuredmedia":[{"embeddable":true,"href":"https:\/\/reentramadosparalavida.org\/index.php\/wp-json\/wp\/v2\/media\/136"}],"wp:attachment":[{"href":"https:\/\/reentramadosparalavida.org\/index.php\/wp-json\/wp\/v2\/media?parent=35"}],"curies":[{"name":"wp","href":"https:\/\/api.w.org\/{rel}","templated":true}]}}