{"id":38,"date":"2024-12-10T21:17:34","date_gmt":"2024-12-10T21:17:34","guid":{"rendered":"https:\/\/reentramadosparalavida.org\/?page_id=38"},"modified":"2025-08-14T02:13:26","modified_gmt":"2025-08-14T02:13:26","slug":"educacion-popular-ambiental","status":"publish","type":"page","link":"https:\/\/reentramadosparalavida.org\/index.php\/educacion-popular-ambiental\/","title":{"rendered":"Educaci\u00f3n Popular Ambiental"},"content":{"rendered":"\n<div class=\"wp-block-cover alignfull has-parallax\" style=\"min-height:350px;aspect-ratio:unset;\"><div class=\"wp-block-cover__image-background wp-image-352 size-large has-parallax\" style=\"background-position:50% 50%;background-image:url(https:\/\/reentramadosparalavida.org\/wp-content\/uploads\/2025\/08\/Palma_Tapachula-191-1-1024x683.jpg)\"><\/div><span aria-hidden=\"true\" class=\"wp-block-cover__background has-black-background-color has-background-dim-30 has-background-dim\"><\/span><div class=\"wp-block-cover__inner-container is-layout-constrained wp-block-cover-is-layout-constrained\">\n<p class=\"has-text-align-center has-white-color has-text-color has-link-color wp-elements-1 wp-block-paragraph\" style=\"font-size:50px\"><strong>EDUCACI\u00d3N POPULAR<\/strong><\/p>\n\n\n\n<p class=\"has-text-align-center has-white-color has-text-color has-link-color wp-elements-2 wp-block-paragraph\" style=\"font-size:50px\"><strong>AMBIENTAL<\/strong><\/p>\n<\/div><\/div>\n\n\n\n<div style=\"height:50px\" aria-hidden=\"true\" class=\"wp-block-spacer\"><\/div>\n\n\n\n<p class=\"has-medium-font-size wp-block-paragraph\" style=\"padding-top:0;padding-right:0;padding-bottom:0;padding-left:0\">Tomamos la <strong>educaci\u00f3n popular ambiental como eje central de nuestro trabajo<\/strong>, reconoci\u00e9ndola como una pr\u00e1ctica pol\u00edtica transformadora. Esta herramienta nos permite repensar y reconstruir nuestras relaciones con los territorios y los cuerpos, <strong>promoviendo una convivencia arm\u00f3nica entre la humanidad y la naturaleza<\/strong>. A trav\u00e9s de talleres, di\u00e1logos comunitarios y procesos formativos, fomentamos una conciencia cr\u00edtica que impulse <strong>cambios profundos en las formas de habitar y defender los territorios.<\/strong><\/p>\n\n\n\n<p class=\"has-medium-font-size wp-block-paragraph\" style=\"padding-top:0;padding-right:0;padding-bottom:0;padding-left:0\">As\u00ed mismo implementamos procesos de investigaci\u00f3n colaborativa y horizontal, donde <strong>compartimos saberes con organizaciones, individuos, centros acad\u00e9micos y comunidades organizadas.<\/strong> Esta metodolog\u00eda nos permite generar conocimientos desde, para y con las poblaciones, priorizando sus necesidades y perspectivas. La investigaci\u00f3n se convierte en una <strong>herramienta para la acci\u00f3n, fortaleciendo las capacidades locales<\/strong> y construyendo alternativas concretas frente a los modelos extractivistas y depredadores.<\/p>\n\n\n\n<div class=\"alignnormal\"><div id=\"metaslider-id-338\" style=\"width: 100%;\" class=\"ml-slider-3-111-2 metaslider metaslider-flex metaslider-338 ml-slider has-dots-nav has-carousel-mode ms-theme-default-base\" role=\"region\" aria-label=\"EDUCACI\u00d3N\" data-height=\"300\" data-width=\"400\">\n    <div id=\"metaslider_container_338\">\n        <div id=\"metaslider_338\">\n            <ul class='slides'>\n                <li style=\"display: none; width: 100%;\" class=\"slide-340 ms-image \" aria-roledescription=\"slide\" data-date=\"2025-08-14 01:24:05\" data-filename=\"IMG_20230306_0002-scaled-400x300.jpg\" data-slide-type=\"image\"><img loading=\"lazy\" decoding=\"async\" src=\"https:\/\/reentramadosparalavida.org\/wp-content\/uploads\/2025\/08\/IMG_20230306_0002-scaled-400x300.jpg\" height=\"300\" width=\"400\" alt=\"\" class=\"slider-338 slide-340 msDefaultImage\" title=\"IMG_20230306_0002\" \/><\/li>\n                <li style=\"display: none; width: 100%;\" class=\"slide-344 ms-image \" aria-roledescription=\"slide\" data-date=\"2025-08-14 01:26:00\" data-filename=\"IMG_8379-scaled-400x300.jpg\" data-slide-type=\"image\"><img loading=\"lazy\" decoding=\"async\" src=\"https:\/\/reentramadosparalavida.org\/wp-content\/uploads\/2025\/08\/IMG_8379-scaled-400x300.jpg\" height=\"300\" width=\"400\" alt=\"\" class=\"slider-338 slide-344 msDefaultImage\" title=\"IMG_8379\" \/><\/li>\n                <li style=\"display: none; width: 100%;\" class=\"slide-342 ms-image \" aria-roledescription=\"slide\" data-date=\"2025-08-14 01:24:56\" data-filename=\"IMG_0269-scaled-400x300.jpg\" data-slide-type=\"image\"><img loading=\"lazy\" decoding=\"async\" src=\"https:\/\/reentramadosparalavida.org\/wp-content\/uploads\/2025\/08\/IMG_0269-scaled-400x300.jpg\" height=\"300\" width=\"400\" alt=\"\" class=\"slider-338 slide-342 msDefaultImage\" title=\"IMG_0269\" \/><\/li>\n                <li style=\"display: none; width: 100%;\" class=\"slide-346 ms-image \" aria-roledescription=\"slide\" data-date=\"2025-08-14 01:26:45\" data-filename=\"8M25Costa-24-scaled-400x300.jpg\" data-slide-type=\"image\"><img loading=\"lazy\" decoding=\"async\" src=\"https:\/\/reentramadosparalavida.org\/wp-content\/uploads\/2025\/08\/8M25Costa-24-scaled-400x300.jpg\" height=\"300\" width=\"400\" alt=\"\" class=\"slider-338 slide-346 msDefaultImage\" title=\"8M25Costa-24\" \/><\/li>\n                <li style=\"display: none; width: 100%;\" class=\"slide-348 ms-image \" aria-roledescription=\"slide\" data-date=\"2025-08-14 01:34:08\" data-filename=\"Palma_Tapachula-32-400x300.jpg\" data-slide-type=\"image\"><img loading=\"lazy\" decoding=\"async\" src=\"https:\/\/reentramadosparalavida.org\/wp-content\/uploads\/2025\/08\/Palma_Tapachula-32-400x300.jpg\" height=\"300\" width=\"400\" alt=\"\" class=\"slider-338 slide-348 msDefaultImage\" title=\"Palma_Tapachula-32\" \/><\/li>\n            <\/ul>\n        <\/div>\n        \n    <\/div>\n<\/div><\/div>\n","protected":false},"excerpt":{"rendered":"<p>Tomamos la educaci\u00f3n popular ambiental como eje central de nuestro trabajo, reconoci\u00e9ndola como una pr\u00e1ctica pol\u00edtica transformadora. Esta herramienta nos permite repensar y reconstruir nuestras relaciones con los territorios y los cuerpos, promoviendo una convivencia arm\u00f3nica entre la humanidad y la naturaleza. A trav\u00e9s de talleres, di\u00e1logos comunitarios y procesos formativos, fomentamos una conciencia cr\u00edtica &hellip;<\/p>\n","protected":false},"author":1,"featured_media":0,"parent":0,"menu_order":0,"comment_status":"closed","ping_status":"closed","template":"page-templates\/page-builder-with-container.php","meta":{"footnotes":""},"class_list":["post-38","page","type-page","status-publish","hentry"],"_links":{"self":[{"href":"https:\/\/reentramadosparalavida.org\/index.php\/wp-json\/wp\/v2\/pages\/38","targetHints":{"allow":["GET"]}}],"collection":[{"href":"https:\/\/reentramadosparalavida.org\/index.php\/wp-json\/wp\/v2\/pages"}],"about":[{"href":"https:\/\/reentramadosparalavida.org\/index.php\/wp-json\/wp\/v2\/types\/page"}],"author":[{"embeddable":true,"href":"https:\/\/reentramadosparalavida.org\/index.php\/wp-json\/wp\/v2\/users\/1"}],"replies":[{"embeddable":true,"href":"https:\/\/reentramadosparalavida.org\/index.php\/wp-json\/wp\/v2\/comments?post=38"}],"version-history":[{"count":5,"href":"https:\/\/reentramadosparalavida.org\/index.php\/wp-json\/wp\/v2\/pages\/38\/revisions"}],"predecessor-version":[{"id":382,"href":"https:\/\/reentramadosparalavida.org\/index.php\/wp-json\/wp\/v2\/pages\/38\/revisions\/382"}],"wp:attachment":[{"href":"https:\/\/reentramadosparalavida.org\/index.php\/wp-json\/wp\/v2\/media?parent=38"}],"curies":[{"name":"wp","href":"https:\/\/api.w.org\/{rel}","templated":true}]}}