{"id":46,"date":"2024-12-10T21:23:38","date_gmt":"2024-12-10T21:23:38","guid":{"rendered":"https:\/\/reentramadosparalavida.org\/?page_id=46"},"modified":"2025-08-14T02:23:08","modified_gmt":"2025-08-14T02:23:08","slug":"fortalecimiento-politico-organizativo","status":"publish","type":"page","link":"https:\/\/reentramadosparalavida.org\/index.php\/fortalecimiento-politico-organizativo\/","title":{"rendered":"Fortalecimiento Pol\u00edtico Organizativo"},"content":{"rendered":"\n<div class=\"wp-block-cover alignfull has-parallax\" style=\"min-height:350px;aspect-ratio:unset;\"><span aria-hidden=\"true\" class=\"wp-block-cover__background has-black-background-color has-background-dim-20 has-background-dim\"><\/span><div class=\"wp-block-cover__image-background wp-image-132 has-parallax\" style=\"background-position:50% 50%;background-image:url(https:\/\/reentramadosparalavida.org\/wp-content\/uploads\/2024\/12\/IMG_0205-scaled-2.jpg);\"><\/div><div class=\"wp-block-cover__inner-container is-layout-constrained wp-block-cover-is-layout-constrained\">\n<p class=\"has-text-align-center has-white-color has-text-color has-link-color wp-elements-1 wp-block-paragraph\" style=\"font-size:50px\"><strong>FORTALECIMIENTO POL\u00cdTICO ORGANIZATIVO<\/strong><\/p>\n<\/div><\/div>\n\n\n\n<div style=\"height:50px\" aria-hidden=\"true\" class=\"wp-block-spacer\"><\/div>\n\n\n\n<p class=\"has-medium-font-size wp-block-paragraph\">Fortalecer y robustecer las pr\u00e1cticas organizacionales de colectivos y peque\u00f1as organizaciones, para seguir caminando mundos m\u00e1s justos que habiliten la posibilidad de compartir la experiencias desde los propios procesos que ayuden a <strong>encaminar formas creativas de resistencia y alternativas territoriales <\/strong>para vivir en territorios m\u00e1s justos y dignos para todxs.<\/p>\n\n\n\n<div class=\"alignnormal\"><div id=\"metaslider-id-384\" style=\"width: 100%;\" class=\"ml-slider-3-111-2 metaslider metaslider-flex metaslider-384 ml-slider has-dots-nav has-carousel-mode ms-theme-default-base\" role=\"region\" aria-label=\"FORTALECIMIENTO\" data-height=\"300\" data-width=\"400\">\n    <div id=\"metaslider_container_384\">\n        <div id=\"metaslider_384\">\n            <ul class='slides'>\n                <li style=\"display: none; width: 100%;\" class=\"slide-386 ms-image \" aria-roledescription=\"slide\" data-date=\"2025-08-14 02:14:51\" data-filename=\"IMG_8393-scaled-400x300.jpg\" data-slide-type=\"image\"><img loading=\"lazy\" decoding=\"async\" src=\"https:\/\/reentramadosparalavida.org\/wp-content\/uploads\/2025\/08\/IMG_8393-scaled-400x300.jpg\" height=\"300\" width=\"400\" alt=\"\" class=\"slider-384 slide-386 msDefaultImage\" title=\"IMG_8393\" \/><\/li>\n                <li style=\"display: none; width: 100%;\" class=\"slide-385 ms-image \" aria-roledescription=\"slide\" data-date=\"2025-08-14 02:14:51\" data-filename=\"RanchoTonala-5-400x300.jpg\" data-slide-type=\"image\"><img loading=\"lazy\" decoding=\"async\" src=\"https:\/\/reentramadosparalavida.org\/wp-content\/uploads\/2025\/08\/RanchoTonala-5-400x300.jpg\" height=\"300\" width=\"400\" alt=\"\" class=\"slider-384 slide-385 msDefaultImage\" title=\"RanchoTonala-5\" \/><\/li>\n                <li style=\"display: none; width: 100%;\" class=\"slide-388 ms-image \" aria-roledescription=\"slide\" data-date=\"2025-08-14 02:14:51\" data-filename=\"Palma_Tapachula-03-scaled-400x300.jpg\" data-slide-type=\"image\"><img loading=\"lazy\" decoding=\"async\" src=\"https:\/\/reentramadosparalavida.org\/wp-content\/uploads\/2025\/08\/Palma_Tapachula-03-scaled-400x300.jpg\" height=\"300\" width=\"400\" alt=\"\" class=\"slider-384 slide-388 msDefaultImage\" title=\"Palma_Tapachula-03\" \/><\/li>\n                <li style=\"display: none; width: 100%;\" class=\"slide-387 ms-image \" aria-roledescription=\"slide\" data-date=\"2025-08-14 02:14:51\" data-filename=\"8M25Costa-29-scaled-400x300.jpg\" data-slide-type=\"image\"><img loading=\"lazy\" decoding=\"async\" src=\"https:\/\/reentramadosparalavida.org\/wp-content\/uploads\/2025\/08\/8M25Costa-29-scaled-400x300.jpg\" height=\"300\" width=\"400\" alt=\"\" class=\"slider-384 slide-387 msDefaultImage\" title=\"8M25Costa-29\" \/><\/li>\n                <li style=\"display: none; width: 100%;\" class=\"slide-389 ms-image \" aria-roledescription=\"slide\" data-date=\"2025-08-14 02:14:51\" data-filename=\"IMG_8331-scaled-400x300.jpg\" data-slide-type=\"image\"><img loading=\"lazy\" decoding=\"async\" src=\"https:\/\/reentramadosparalavida.org\/wp-content\/uploads\/2025\/08\/IMG_8331-scaled-400x300.jpg\" height=\"300\" width=\"400\" alt=\"\" class=\"slider-384 slide-389 msDefaultImage\" title=\"IMG_8331\" \/><\/li>\n            <\/ul>\n        <\/div>\n        \n    <\/div>\n<\/div><\/div>\n","protected":false},"excerpt":{"rendered":"<p>Fortalecer y robustecer las pr\u00e1cticas organizacionales de colectivos y peque\u00f1as organizaciones, para seguir caminando mundos m\u00e1s justos que habiliten la posibilidad de compartir la experiencias desde los propios procesos que ayuden a encaminar formas creativas de resistencia y alternativas territoriales para vivir en territorios m\u00e1s justos y dignos para todxs.<\/p>\n","protected":false},"author":1,"featured_media":132,"parent":0,"menu_order":0,"comment_status":"closed","ping_status":"closed","template":"page-templates\/page-builder-with-container.php","meta":{"footnotes":""},"class_list":["post-46","page","type-page","status-publish","has-post-thumbnail","hentry"],"_links":{"self":[{"href":"https:\/\/reentramadosparalavida.org\/index.php\/wp-json\/wp\/v2\/pages\/46","targetHints":{"allow":["GET"]}}],"collection":[{"href":"https:\/\/reentramadosparalavida.org\/index.php\/wp-json\/wp\/v2\/pages"}],"about":[{"href":"https:\/\/reentramadosparalavida.org\/index.php\/wp-json\/wp\/v2\/types\/page"}],"author":[{"embeddable":true,"href":"https:\/\/reentramadosparalavida.org\/index.php\/wp-json\/wp\/v2\/users\/1"}],"replies":[{"embeddable":true,"href":"https:\/\/reentramadosparalavida.org\/index.php\/wp-json\/wp\/v2\/comments?post=46"}],"version-history":[{"count":2,"href":"https:\/\/reentramadosparalavida.org\/index.php\/wp-json\/wp\/v2\/pages\/46\/revisions"}],"predecessor-version":[{"id":398,"href":"https:\/\/reentramadosparalavida.org\/index.php\/wp-json\/wp\/v2\/pages\/46\/revisions\/398"}],"wp:featuredmedia":[{"embeddable":true,"href":"https:\/\/reentramadosparalavida.org\/index.php\/wp-json\/wp\/v2\/media\/132"}],"wp:attachment":[{"href":"https:\/\/reentramadosparalavida.org\/index.php\/wp-json\/wp\/v2\/media?parent=46"}],"curies":[{"name":"wp","href":"https:\/\/api.w.org\/{rel}","templated":true}]}}